{"id":80307,"date":"2026-03-11T22:29:42","date_gmt":"2026-03-11T21:29:42","guid":{"rendered":"https:\/\/lavillacompany.com\/?post_type=listing&#038;p=80307"},"modified":"2026-04-28T21:35:16","modified_gmt":"2026-04-28T20:35:16","slug":"villa-isabel","status":"publish","type":"listing","link":"https:\/\/lavillacompany.com\/es\/properties\/villa-isabel\/","title":{"rendered":"Villa Isabel"},"content":{"rendered":"<p>Situada en la costa sur-este de la isla, Villa Isabel se encuentra en una zona tur\u00edstica, Cala\u2019n Porter, donde podr\u00e1 encontrar gran variedad de restaurantes, bares, tiendas de souvenir y supermercados. Su preciosa playa, con agua cristalina, est\u00e1 a menos de 10 minutos caminando de la casa, y las otras playas del sur (Punta Prima, Binibeca, Binisaf\u00faa, Es Canutells) y la capital, Mah\u00f3n, est\u00e1n a unos 10 minutos en coche. Hay conexiones diarias de transporte p\u00fablico con Mah\u00f3n y Alaior.<\/p>\n<p>La zona exterior cuenta con una amplia terraza alrededor de la piscina amueblado con tumbonas para relajarse al sol, y un porche amueblado con mesa y sillas, y una barbacoa de obra para cocinar al aire libre.<\/p>\n<p>La casa tiene todo lo necesario para disfrutar de una estancia c\u00f3moda y agradable. Las  habitaciones est\u00e1n distribuidas en la planta baja:<br \/>\nGround Floor: Lounge\/dining room (smart TV and fiber optic internet) with access to the pool terrace, independent kitchen with access to the pool terrace, 1 double bedroom with bathroom en-suite, 1 twin bedroom, 1 single bedroom and 1 shower room. All bedrooms have air-conditioning and mosquito blinds.<\/p>\n<p>N\u00famero Registro: ET0562ME<br \/>\nNRU: ESFCTU00000701300058053600000000000000000000ET0562ME8<\/p>\n<h2><\/h2>\n<p>&nbsp;<\/p>\n<p><strong>Condiciones de Pago<\/strong><br \/>\nDep\u00f3sito de Confirmaci\u00f3n: 10% del importe del alquiler.<br \/>\n60 d\u00edas antes de la llegada: 90% del alquiler (no reembolsable).<br \/>\nTarjeta de cr\u00e9dito\/d\u00e9bito (Visa, Mastercard, Maestro, American Express) o transferencia bancaria<\/p>\n<p><strong>Ecotasa Islas Baleares<\/strong><br \/>\nLas personas mayores de 15 a\u00f1os deben pagar la ecotasa que son 2.00 \u20ac\/persona\/noche<\/p>\n<p><strong>Fianza<\/strong><br \/>\n300 \u20ac por estancia (reembolsable) - La fianza se devolver\u00e1 por transferencia bancaria 48 horas despu\u00e9s de la salida. \nLa fianza de seguridad es obligatorio para cubrir posibles da\u00f1os, roturas, desapariciones o desperfectos en la propiedad.<\/p>\n<p><strong>Pol\u00edtica de Cancelaci\u00f3n<\/strong><br \/>\nEl hu\u00e9sped principal tendr\u00e1 que solicitar la cancelaci\u00f3n por escrito.<br \/>\nCancelaci\u00f3n gratis hasta 60 d\u00edas antes de la fecha de llegada<br \/>\nEl hu\u00e9sped tendr\u00e1 que pagar 100% de la reserva si cancela dentro de los 60 d\u00edas antes de la fecha de llegada.<\/p>\n<p><strong>Check-in: 15h<\/strong><br \/>\n<strong>Check-out: 10h<\/strong><br \/>\nSi la llegada a la isla es anterior o la salida posterior a las horas indicadas, le rogamos nos lo comunique por escrito y haremos lo posible por coordinar las tareas de limpieza con sus horarios.<\/p>\n<p><strong>Reserva<\/strong><br \/>\nLa persona contratante debe ser mayor de 25 a\u00f1os.<br \/>\nTodos los hu\u00e9spedes deben facilitar los datos de Pasaporte o Tarjeta de Identidad antes de su llegada, tal y como obliga el Real Decreto 933\/2021.<\/p>\n<p><strong>Ocupaci\u00f3n<\/strong><br \/>\nEl n\u00famero de personas que ocupen la propiedad no puede exceder la capacidad indicada en la descripci\u00f3n de la propiedad.<br \/>\nLas mascotas no est\u00e1n permitidos en las propiedades.<br \/>\nFumar dentro de las propiedades es prohibido.<\/p>\n<p><strong>Servicios Incluidos<\/strong><br \/>\nEncontrar\u00e1 la propiedad en correcto estado de uso y con el equipamiento necesario para su capacidad.<br \/>\nLa propiedad estar\u00e1 limpia a la llegada, con lencer\u00eda de cama y toallas para todos los hu\u00e9spedes.<br \/>\nEl mantenimiento de jard\u00edn y de la piscina est\u00e1 incluido y la persona encargada acudir\u00e1 a la propiedad dos veces por semana.<\/p>","protected":false},"excerpt":{"rendered":"<p>Villa Isabel is situated in a cliff-top tourist resort, Cala\u2019n Porter, on the south coast of the island and only a 10 minute drive from the airport. The town has everything within walking distance, with a variety of bars, restaurants, supermarkets and souvenir shops. The wonderful beach with crystal clear waters can be accessed via [&hellip;]<\/p>\n","protected":false},"author":24,"featured_media":79597,"parent":0,"menu_order":0,"template":"","listing_type":[1747],"room_type":[],"amenities":[1750,1903,1713,1776,1808,2179,1710,1954,1665,1810,1666],"facilities":[],"listing_countries":[1729],"listing_states":[1731],"listing_cities":[1746],"listing_areas":[],"class_list":["post-80307","listing","type-listing","status-publish","has-post-thumbnail","hentry","listing_type-villa","listing_amenity-air-conditioning","listing_amenity-bbq","listing_amenity-dishwasher","listing_amenity-heating","listing_amenity-netflix","listing_amenity-private-parking","listing_amenity-safe","listing_amenity-satellite","listing_amenity-tv","listing_amenity-washing-machine","listing_amenity-wifi","listing_country-es","listing_state-baleares","listing_city-cala-en-porter"],"acf":[],"yoast_head":"<!-- This site is optimized with the Yoast SEO plugin v27.3 - https:\/\/yoast.com\/product\/yoast-seo-wordpress\/ -->\n<title>Villa Isabel | Menorca Villa Holidays - La Villa Company<\/title>\n<meta name=\"description\" content=\"Experience the charm of Villa Isabel, a stylish Menorca holiday villa with a private pool and modern comforts for a relaxing island escape.\" \/>\n<meta name=\"robots\" content=\"index, follow, max-snippet:-1, max-image-preview:large, max-video-preview:-1\" \/>\n<link rel=\"canonical\" href=\"https:\/\/lavillacompany.com\/es\/properties\/villa-isabel\/\" \/>\n<meta property=\"og:locale\" content=\"es_ES\" \/>\n<meta property=\"og:type\" content=\"article\" \/>\n<meta property=\"og:title\" content=\"Villa Isabel | Menorca Villa Holidays - La Villa Company\" \/>\n<meta property=\"og:description\" content=\"Experience the charm of Villa Isabel, a stylish Menorca holiday villa with a private pool and modern comforts for a relaxing island escape.\" \/>\n<meta property=\"og:url\" content=\"https:\/\/lavillacompany.com\/es\/properties\/villa-isabel\/\" \/>\n<meta property=\"og:site_name\" content=\"LA VILLA COMPANY\" \/>\n<meta property=\"article:modified_time\" content=\"2026-04-28T20:35:16+00:00\" \/>\n<meta property=\"og:image\" content=\"https:\/\/lavillacompany.com\/wp-content\/uploads\/2025\/11\/304822-02.png\" \/>\n\t<meta property=\"og:image:width\" content=\"1000\" \/>\n\t<meta property=\"og:image:height\" content=\"667\" \/>\n\t<meta property=\"og:image:type\" content=\"image\/png\" \/>\n<meta name=\"twitter:card\" content=\"summary_large_image\" \/>\n<meta name=\"twitter:label1\" content=\"Tiempo de lectura\" \/>\n\t<meta name=\"twitter:data1\" content=\"3 minutos\" \/>\n<script type=\"application\/ld+json\" class=\"yoast-schema-graph\">{\"@context\":\"https:\\\/\\\/schema.org\",\"@graph\":[{\"@type\":\"WebPage\",\"@id\":\"https:\\\/\\\/lavillacompany.com\\\/properties\\\/villa-isabel\\\/\",\"url\":\"https:\\\/\\\/lavillacompany.com\\\/properties\\\/villa-isabel\\\/\",\"name\":\"Villa Isabel | Menorca Villa Holidays - La Villa Company\",\"isPartOf\":{\"@id\":\"https:\\\/\\\/lavillacompany.com\\\/#website\"},\"primaryImageOfPage\":{\"@id\":\"https:\\\/\\\/lavillacompany.com\\\/properties\\\/villa-isabel\\\/#primaryimage\"},\"image\":{\"@id\":\"https:\\\/\\\/lavillacompany.com\\\/properties\\\/villa-isabel\\\/#primaryimage\"},\"thumbnailUrl\":\"https:\\\/\\\/lavillacompany.com\\\/wp-content\\\/uploads\\\/2025\\\/11\\\/304822-02.png\",\"datePublished\":\"2026-03-11T21:29:42+00:00\",\"dateModified\":\"2026-04-28T20:35:16+00:00\",\"description\":\"Experience the charm of Villa Isabel, a stylish Menorca holiday villa with a private pool and modern comforts for a relaxing island escape.\",\"breadcrumb\":{\"@id\":\"https:\\\/\\\/lavillacompany.com\\\/properties\\\/villa-isabel\\\/#breadcrumb\"},\"inLanguage\":\"es\",\"potentialAction\":[{\"@type\":\"ReadAction\",\"target\":[\"https:\\\/\\\/lavillacompany.com\\\/properties\\\/villa-isabel\\\/\"]}]},{\"@type\":\"ImageObject\",\"inLanguage\":\"es\",\"@id\":\"https:\\\/\\\/lavillacompany.com\\\/properties\\\/villa-isabel\\\/#primaryimage\",\"url\":\"https:\\\/\\\/lavillacompany.com\\\/wp-content\\\/uploads\\\/2025\\\/11\\\/304822-02.png\",\"contentUrl\":\"https:\\\/\\\/lavillacompany.com\\\/wp-content\\\/uploads\\\/2025\\\/11\\\/304822-02.png\",\"width\":1000,\"height\":667},{\"@type\":\"BreadcrumbList\",\"@id\":\"https:\\\/\\\/lavillacompany.com\\\/properties\\\/villa-isabel\\\/#breadcrumb\",\"itemListElement\":[{\"@type\":\"ListItem\",\"position\":1,\"name\":\"Home\",\"item\":\"https:\\\/\\\/lavillacompany.com\\\/\"},{\"@type\":\"ListItem\",\"position\":2,\"name\":\"Listings\",\"item\":\"https:\\\/\\\/lavillacompany.com\\\/properties\\\/\"},{\"@type\":\"ListItem\",\"position\":3,\"name\":\"Villa Isabel\"}]},{\"@type\":\"WebSite\",\"@id\":\"https:\\\/\\\/lavillacompany.com\\\/#website\",\"url\":\"https:\\\/\\\/lavillacompany.com\\\/\",\"name\":\"LA VILLA COMPANY\",\"description\":\"Offering Holiday Villa Rentals Menorca\",\"publisher\":{\"@id\":\"https:\\\/\\\/lavillacompany.com\\\/#organization\"},\"potentialAction\":[{\"@type\":\"SearchAction\",\"target\":{\"@type\":\"EntryPoint\",\"urlTemplate\":\"https:\\\/\\\/lavillacompany.com\\\/?s={search_term_string}\"},\"query-input\":{\"@type\":\"PropertyValueSpecification\",\"valueRequired\":true,\"valueName\":\"search_term_string\"}}],\"inLanguage\":\"es\"},{\"@type\":\"Organization\",\"@id\":\"https:\\\/\\\/lavillacompany.com\\\/#organization\",\"name\":\"LA VILLA COMPANY\",\"url\":\"https:\\\/\\\/lavillacompany.com\\\/\",\"logo\":{\"@type\":\"ImageObject\",\"inLanguage\":\"es\",\"@id\":\"https:\\\/\\\/lavillacompany.com\\\/#\\\/schema\\\/logo\\\/image\\\/\",\"url\":\"https:\\\/\\\/lavillacompany.com\\\/wp-content\\\/uploads\\\/2021\\\/06\\\/transparent-logo-.png\",\"contentUrl\":\"https:\\\/\\\/lavillacompany.com\\\/wp-content\\\/uploads\\\/2021\\\/06\\\/transparent-logo-.png\",\"width\":1024,\"height\":175,\"caption\":\"LA VILLA COMPANY\"},\"image\":{\"@id\":\"https:\\\/\\\/lavillacompany.com\\\/#\\\/schema\\\/logo\\\/image\\\/\"}}]}<\/script>\n<!-- \/ Yoast SEO plugin. -->","yoast_head_json":{"title":"Villa Isabel | Menorca Villa Holidays - La Villa Company","description":"Experience the charm of Villa Isabel, a stylish Menorca holiday villa with a private pool and modern comforts for a relaxing island escape.","robots":{"index":"index","follow":"follow","max-snippet":"max-snippet:-1","max-image-preview":"max-image-preview:large","max-video-preview":"max-video-preview:-1"},"canonical":"https:\/\/lavillacompany.com\/es\/properties\/villa-isabel\/","og_locale":"es_ES","og_type":"article","og_title":"Villa Isabel | Menorca Villa Holidays - La Villa Company","og_description":"Experience the charm of Villa Isabel, a stylish Menorca holiday villa with a private pool and modern comforts for a relaxing island escape.","og_url":"https:\/\/lavillacompany.com\/es\/properties\/villa-isabel\/","og_site_name":"LA VILLA COMPANY","article_modified_time":"2026-04-28T20:35:16+00:00","og_image":[{"width":1000,"height":667,"url":"https:\/\/lavillacompany.com\/wp-content\/uploads\/2025\/11\/304822-02.png","type":"image\/png"}],"twitter_card":"summary_large_image","twitter_misc":{"Tiempo de lectura":"3 minutos"},"schema":{"@context":"https:\/\/schema.org","@graph":[{"@type":"WebPage","@id":"https:\/\/lavillacompany.com\/properties\/villa-isabel\/","url":"https:\/\/lavillacompany.com\/properties\/villa-isabel\/","name":"Villa Isabel | Menorca Villa Holidays - La Villa Company","isPartOf":{"@id":"https:\/\/lavillacompany.com\/#website"},"primaryImageOfPage":{"@id":"https:\/\/lavillacompany.com\/properties\/villa-isabel\/#primaryimage"},"image":{"@id":"https:\/\/lavillacompany.com\/properties\/villa-isabel\/#primaryimage"},"thumbnailUrl":"https:\/\/lavillacompany.com\/wp-content\/uploads\/2025\/11\/304822-02.png","datePublished":"2026-03-11T21:29:42+00:00","dateModified":"2026-04-28T20:35:16+00:00","description":"Experience the charm of Villa Isabel, a stylish Menorca holiday villa with a private pool and modern comforts for a relaxing island escape.","breadcrumb":{"@id":"https:\/\/lavillacompany.com\/properties\/villa-isabel\/#breadcrumb"},"inLanguage":"es","potentialAction":[{"@type":"ReadAction","target":["https:\/\/lavillacompany.com\/properties\/villa-isabel\/"]}]},{"@type":"ImageObject","inLanguage":"es","@id":"https:\/\/lavillacompany.com\/properties\/villa-isabel\/#primaryimage","url":"https:\/\/lavillacompany.com\/wp-content\/uploads\/2025\/11\/304822-02.png","contentUrl":"https:\/\/lavillacompany.com\/wp-content\/uploads\/2025\/11\/304822-02.png","width":1000,"height":667},{"@type":"BreadcrumbList","@id":"https:\/\/lavillacompany.com\/properties\/villa-isabel\/#breadcrumb","itemListElement":[{"@type":"ListItem","position":1,"name":"Home","item":"https:\/\/lavillacompany.com\/"},{"@type":"ListItem","position":2,"name":"Listings","item":"https:\/\/lavillacompany.com\/properties\/"},{"@type":"ListItem","position":3,"name":"Villa Isabel"}]},{"@type":"WebSite","@id":"https:\/\/lavillacompany.com\/#website","url":"https:\/\/lavillacompany.com\/","name":"LA VILLA COMPANY","description":"Offering Holiday Villa Rentals Menorca","publisher":{"@id":"https:\/\/lavillacompany.com\/#organization"},"potentialAction":[{"@type":"SearchAction","target":{"@type":"EntryPoint","urlTemplate":"https:\/\/lavillacompany.com\/?s={search_term_string}"},"query-input":{"@type":"PropertyValueSpecification","valueRequired":true,"valueName":"search_term_string"}}],"inLanguage":"es"},{"@type":"Organization","@id":"https:\/\/lavillacompany.com\/#organization","name":"LA VILLA COMPANY","url":"https:\/\/lavillacompany.com\/","logo":{"@type":"ImageObject","inLanguage":"es","@id":"https:\/\/lavillacompany.com\/#\/schema\/logo\/image\/","url":"https:\/\/lavillacompany.com\/wp-content\/uploads\/2021\/06\/transparent-logo-.png","contentUrl":"https:\/\/lavillacompany.com\/wp-content\/uploads\/2021\/06\/transparent-logo-.png","width":1024,"height":175,"caption":"LA VILLA COMPANY"},"image":{"@id":"https:\/\/lavillacompany.com\/#\/schema\/logo\/image\/"}}]}},"_links":{"self":[{"href":"https:\/\/lavillacompany.com\/es\/wp-json\/wp\/v2\/listings\/80307","targetHints":{"allow":["GET"]}}],"collection":[{"href":"https:\/\/lavillacompany.com\/es\/wp-json\/wp\/v2\/listings"}],"about":[{"href":"https:\/\/lavillacompany.com\/es\/wp-json\/wp\/v2\/types\/listing"}],"author":[{"embeddable":true,"href":"https:\/\/lavillacompany.com\/es\/wp-json\/wp\/v2\/users\/24"}],"version-history":[{"count":3,"href":"https:\/\/lavillacompany.com\/es\/wp-json\/wp\/v2\/listings\/80307\/revisions"}],"predecessor-version":[{"id":80697,"href":"https:\/\/lavillacompany.com\/es\/wp-json\/wp\/v2\/listings\/80307\/revisions\/80697"}],"wp:featuredmedia":[{"embeddable":true,"href":"https:\/\/lavillacompany.com\/es\/wp-json\/wp\/v2\/media\/79597"}],"wp:attachment":[{"href":"https:\/\/lavillacompany.com\/es\/wp-json\/wp\/v2\/media?parent=80307"}],"wp:term":[{"taxonomy":"listing_type","embeddable":true,"href":"https:\/\/lavillacompany.com\/es\/wp-json\/wp\/v2\/listing_type?post=80307"},{"taxonomy":"room_type","embeddable":true,"href":"https:\/\/lavillacompany.com\/es\/wp-json\/wp\/v2\/room_type?post=80307"},{"taxonomy":"listing_amenity","embeddable":true,"href":"https:\/\/lavillacompany.com\/es\/wp-json\/wp\/v2\/amenities?post=80307"},{"taxonomy":"listing_facility","embeddable":true,"href":"https:\/\/lavillacompany.com\/es\/wp-json\/wp\/v2\/facilities?post=80307"},{"taxonomy":"listing_country","embeddable":true,"href":"https:\/\/lavillacompany.com\/es\/wp-json\/wp\/v2\/listing_countries?post=80307"},{"taxonomy":"listing_state","embeddable":true,"href":"https:\/\/lavillacompany.com\/es\/wp-json\/wp\/v2\/listing_states?post=80307"},{"taxonomy":"listing_city","embeddable":true,"href":"https:\/\/lavillacompany.com\/es\/wp-json\/wp\/v2\/listing_cities?post=80307"},{"taxonomy":"listing_area","embeddable":true,"href":"https:\/\/lavillacompany.com\/es\/wp-json\/wp\/v2\/listing_areas?post=80307"}],"curies":[{"name":"wp","href":"https:\/\/api.w.org\/{rel}","templated":true}]}}